{"id":5794,"date":"2021-04-02T22:01:16","date_gmt":"2021-04-02T21:01:16","guid":{"rendered":"https:\/\/deamicitia.org\/?page_id=5794"},"modified":"2022-02-17T10:28:52","modified_gmt":"2022-02-17T09:28:52","slug":"who-are-we","status":"publish","type":"page","link":"https:\/\/deamicitia.org\/en\/who-are-we\/","title":{"rendered":"Who are we?"},"content":{"rendered":"\n<section class=\"wp-block-uagb-section uagb-section__wrap uagb-section__background-image uagb-block-1900a4cf\"><div class=\"uagb-section__overlay\"><\/div><div class=\"uagb-section__inner-wrap\">\n<div class=\"wp-block-uagb-advanced-heading uagb-block-6fad80d2\" id=\"uagb-adv-heading-3736d7f5-29a1-4167-8b45-6c2aa7ccf3a6\"><h1 class=\"uagb-heading-text\">Who are we?<\/h1><p class=\"uagb-desc-text\"><\/p><\/div>\n<\/div><\/section>\n\n\n\n<section class=\"wp-block-uagb-section uagb-section__wrap uagb-section__background-undefined uagb-block-b7db5b70\"><div class=\"uagb-section__overlay\"><\/div><div class=\"uagb-section__inner-wrap\">\n<p><br><strong>De Amicitia<\/strong> is an <strong>NGO<\/strong> (Non-Governmental Association) and not for profit or any political ties, registered since 1998 in the National Registry of Associations with n\u00ba 164471 and CIF G82128281.<\/p>\n\n\n\n<p><span style=\"text-decoration: underline;\"><a href=\"\/wp-content\/uploads\/2021\/02\/PIF-De-Amicitia-2021.pdf\" class=\"rank-math-link\">Download PIF<\/a><\/span> (partner identification form)<\/p>\n\n\n\n<p>We have the accreditation of the Erasmus+ Program for sending, hosting and coordinating volunteer projects. Our OID number is E10014498.<\/p>\n\n\n\n<p>De Amicitia&#8217;s main activity is local development and the environment using international volunteer camps (workcamps) as a tool for non-formal education.<\/p>\n\n\n\n<p>De Amicitia offers an opportunity for volunteers, both young and adult, to participate in local and international volunteering activities, especially about the protection of the environment and sustainable development. These mainly include international workcamps, but also activities in local areas such as reforestation.<\/p>\n\n\n\n<p>In addition, De Amicitia participates in international exchanges and seminars for young people, both as a host and a sending organization. These projects focus mainly on social activities and the promotion of development, peace and human rights.<\/p>\n\n\n\n<p>In 2020 in Brussels De Amicitia has been awarded the Startup Europe Awards in the category \u201cBest non-profit organization\u201d.<\/p>\n\n\n\n<div class=\"wp-block-image\"><figure class=\"aligncenter size-full is-resized\"><img loading=\"lazy\" decoding=\"async\" src=\"http:\/\/deamicitia.org\/wp-content\/uploads\/2020\/11\/startupeuropecertificate-1.jpg\" alt=\"StartUp Europe Awards Winner\" class=\"bordergreen\" width=\"485\" height=\"298\"><\/figure><\/div><br><br>\n\n\n\n<p>De Amicitia has been a full member of the Alliance since 2013.<\/p>\n\n\n\n<p>The Alliance Volunteer network is an International Non-Governmental Youth Organization representing national organizations promoting intercultural education, understanding and peace through volunteer service. The Alliance, founded in 1982, is currently made up of 53 full members, associate and candidate organizations.<\/p>\n\n\n\n<p>Each member organization runs an annual International Voluntary Projects program in its own country and exchanges volunteers with each other following the Alliance Quality Charter.<\/p>\n\n\n\n<p>Each year, an average of 13,000 youth volunteers participate in more than 1,200 local community projects organized by member organizations.<\/p>\n\n\n\n<figure class=\"wp-block-image size-large is-resized\"><img loading=\"lazy\" decoding=\"async\" src=\"http:\/\/deamicitia.org\/wp-content\/uploads\/2021\/01\/Logo_alliance_logo_4x3.png\" alt=\"\" class=\"wp-image-1986\" width=\"270\" height=\"117\" srcset=\"https:\/\/deamicitia.org\/wp-content\/uploads\/2021\/01\/Logo_alliance_logo_4x3.png 540w, https:\/\/deamicitia.org\/wp-content\/uploads\/2021\/01\/Logo_alliance_logo_4x3-300x129.png 300w\" sizes=\"auto, (max-width: 270px) 100vw, 270px\" \/><\/figure>\n\n\n\n<hr class=\"wp-block-separator is-style-wide\"\/>\n\n\n\n<p>We are promoting international volunteering through workcamps and support rural development, social inclusion, human rights and the environment with our projects.<\/p>\n\n\n\n<p>Also, we develop non-formal education actions and Youth Mobility mainly through Erasmus Plus Projects: youth exchanges and ESC.<\/p>\n\n\n\n<p>We want to create a more Human World by giving citizens and especially youngsters the possibility to experience workcamps and other tools of non-formal education to improve the Culture of Peace.<\/p>\n<\/div><\/section>\n\n\n\n<section class=\"wp-block-uagb-columns uagb-columns__wrap uagb-columns__background-color uagb-columns__stack-mobile uagb-columns__valign-undefined uagb-columns__gap-10 alignundefined uagb-block-548d8361\"><div class=\"uagb-columns__overlay\"><\/div><div class=\"uagb-columns__inner-wrap uagb-columns__columns-1\">\n<div class=\"wp-block-uagb-column uagb-column__wrap uagb-column__background-undefined uagb-block-ba3ef033\"><div class=\"uagb-column__overlay\"><\/div><div class=\"uagb-column__inner-wrap\">\n<h2 class=\"has-text-align-center wp-block-heading\" id=\"our-team\">Our Team<\/h2>\n<\/div><\/div>\n<\/div><\/section>\n\n\n\n<section class=\"wp-block-uagb-columns uagb-columns__wrap uagb-columns__background-color uagb-columns__stack-mobile uagb-columns__valign-undefined uagb-columns__gap-10 alignundefined uagb-block-b8c3b2f1 equipocrop\"><div class=\"uagb-columns__overlay\"><\/div><div class=\"uagb-columns__inner-wrap uagb-columns__columns-5\">\n<div class=\"wp-block-uagb-column uagb-column__wrap uagb-column__background-undefined uagb-block-6486780d\"><div class=\"uagb-column__overlay\"><\/div><div class=\"uagb-column__inner-wrap\">\n<div class=\"wp-block-image\"><figure class=\"aligncenter size-large\"><img loading=\"lazy\" decoding=\"async\" width=\"940\" height=\"400\" src=\"http:\/\/deamicitia.org\/wp-content\/uploads\/2021\/02\/Ignacio-Gonza\u0301lez-Marti\u0301nez-Presidente-de-De-Amicitia-Email_-info@deamicitia.org-.jpg\" alt=\"\" class=\"wp-image-2815\" srcset=\"https:\/\/deamicitia.org\/wp-content\/uploads\/2021\/02\/Ignacio-Gonza\u0301lez-Marti\u0301nez-Presidente-de-De-Amicitia-Email_-info@deamicitia.org-.jpg 940w, https:\/\/deamicitia.org\/wp-content\/uploads\/2021\/02\/Ignacio-Gonza\u0301lez-Marti\u0301nez-Presidente-de-De-Amicitia-Email_-info@deamicitia.org--300x128.jpg 300w, https:\/\/deamicitia.org\/wp-content\/uploads\/2021\/02\/Ignacio-Gonza\u0301lez-Marti\u0301nez-Presidente-de-De-Amicitia-Email_-info@deamicitia.org--768x327.jpg 768w\" sizes=\"auto, (max-width: 940px) 100vw, 940px\" \/><figcaption><strong><span style=\"color:#409167\" class=\"has-inline-color\">Ignacio Gonza\u0301lez Marti\u0301nez<\/span><\/strong><\/figcaption><\/figure><\/div>\n\n\n\n<p class=\"has-text-align-center\">President of <strong>De Amicitia<\/strong><br><a href=\"mailto:info@deamicitia.org\" class=\"rank-math-link\">\u2709\ufe0f info@deamicitia.org<\/a><\/p>\n<\/div><\/div>\n\n\n\n<div class=\"wp-block-uagb-column uagb-column__wrap uagb-column__background-undefined uagb-block-1055a133\"><div class=\"uagb-column__overlay\"><\/div><div class=\"uagb-column__inner-wrap\">\n<div class=\"wp-block-image\"><figure class=\"aligncenter size-large\"><img loading=\"lazy\" decoding=\"async\" width=\"757\" height=\"1024\" src=\"http:\/\/deamicitia.org\/wp-content\/uploads\/2021\/02\/Aylin-Bekem-Coordinacion-general-Email_-workcamps@deamicitia.org--757x1024.png\" alt=\"\" class=\"wp-image-2808\" srcset=\"https:\/\/deamicitia.org\/wp-content\/uploads\/2021\/02\/Aylin-Bekem-Coordinacion-general-Email_-workcamps@deamicitia.org--757x1024.png 757w, https:\/\/deamicitia.org\/wp-content\/uploads\/2021\/02\/Aylin-Bekem-Coordinacion-general-Email_-workcamps@deamicitia.org--222x300.png 222w, https:\/\/deamicitia.org\/wp-content\/uploads\/2021\/02\/Aylin-Bekem-Coordinacion-general-Email_-workcamps@deamicitia.org--768x1040.png 768w, https:\/\/deamicitia.org\/wp-content\/uploads\/2021\/02\/Aylin-Bekem-Coordinacion-general-Email_-workcamps@deamicitia.org-.png 922w\" sizes=\"auto, (max-width: 757px) 100vw, 757px\" \/><figcaption><strong><span style=\"color:#409167\" class=\"has-inline-color\">Aylin Bekem<\/span><\/strong><\/figcaption><\/figure><\/div>\n\n\n\n<p class=\"has-text-align-center\">General coordination, workcamps<br><a href=\"mailto:workcamps@deamicitia.org\" class=\"rank-math-link\">\u2709\ufe0f workcamps@deamicitia.org<\/a><\/p>\n<\/div><\/div>\n\n\n\n<div class=\"wp-block-uagb-column uagb-column__wrap uagb-column__background-undefined uagb-block-e6130216\"><div class=\"uagb-column__overlay\"><\/div><div class=\"uagb-column__inner-wrap\">\n<div class=\"wp-block-image\"><figure class=\"aligncenter size-large\"><img loading=\"lazy\" decoding=\"async\" width=\"966\" height=\"1024\" src=\"http:\/\/deamicitia.org\/wp-content\/uploads\/2021\/02\/Iryna-Holovachova-Coordinacio\u0301n-de-CES-redes-sociales-Email_-oficina@deamicitia.org--966x1024.jpg\" alt=\"\" class=\"wp-image-2817\" srcset=\"https:\/\/deamicitia.org\/wp-content\/uploads\/2021\/02\/Iryna-Holovachova-Coordinacio\u0301n-de-CES-redes-sociales-Email_-oficina@deamicitia.org--966x1024.jpg 966w, https:\/\/deamicitia.org\/wp-content\/uploads\/2021\/02\/Iryna-Holovachova-Coordinacio\u0301n-de-CES-redes-sociales-Email_-oficina@deamicitia.org--283x300.jpg 283w, https:\/\/deamicitia.org\/wp-content\/uploads\/2021\/02\/Iryna-Holovachova-Coordinacio\u0301n-de-CES-redes-sociales-Email_-oficina@deamicitia.org--768x814.jpg 768w, https:\/\/deamicitia.org\/wp-content\/uploads\/2021\/02\/Iryna-Holovachova-Coordinacio\u0301n-de-CES-redes-sociales-Email_-oficina@deamicitia.org-.jpg 1080w\" sizes=\"auto, (max-width: 966px) 100vw, 966px\" \/><figcaption><strong><span style=\"color:#409167\" class=\"has-inline-color\">Iryna Holovachova<\/span><\/strong><\/figcaption><\/figure><\/div>\n\n\n\n<p class=\"has-text-align-center\">ESC coordination, <br>social media<br><a href=\"mailto:oficina@deamicitia.org\" class=\"rank-math-link\">\u2709\ufe0f oficina@deamicitia.org<\/a><\/p>\n<\/div><\/div>\n\n\n\n<div class=\"wp-block-uagb-column uagb-column__wrap uagb-column__background-undefined uagb-block-0c08d789\"><div class=\"uagb-column__overlay\"><\/div><div class=\"uagb-column__inner-wrap\">\n<div class=\"wp-block-image\"><figure class=\"aligncenter size-large\"><img loading=\"lazy\" decoding=\"async\" width=\"743\" height=\"1024\" src=\"https:\/\/deamicitia.org\/wp-content\/uploads\/2022\/02\/Joana-743x1024.jpg\" alt=\"\" class=\"wp-image-9759\" srcset=\"https:\/\/deamicitia.org\/wp-content\/uploads\/2022\/02\/Joana-743x1024.jpg 743w, https:\/\/deamicitia.org\/wp-content\/uploads\/2022\/02\/Joana-218x300.jpg 218w, https:\/\/deamicitia.org\/wp-content\/uploads\/2022\/02\/Joana-768x1059.jpg 768w, https:\/\/deamicitia.org\/wp-content\/uploads\/2022\/02\/Joana-1114x1536.jpg 1114w, https:\/\/deamicitia.org\/wp-content\/uploads\/2022\/02\/Joana-1485x2048.jpg 1485w, https:\/\/deamicitia.org\/wp-content\/uploads\/2022\/02\/Joana-scaled.jpg 1856w\" sizes=\"auto, (max-width: 743px) 100vw, 743px\" \/><figcaption><strong><mark style=\"background-color:rgba(0, 0, 0, 0);color:#409167\" class=\"has-inline-color\">Joana Morais<\/mark><\/strong><\/figcaption><\/figure><\/div>\n\n\n\n<p class=\"has-text-align-center\">Responsible for the incoming ESC volunteers<br><a class=\"rank-math-link\" href=\"mailto:f.antunez@deamicitia.org\">\u2709\ufe0f <\/a><a href=\"mailto:volunteers@deamicitia.org\"><a class=\"rank-math-link\" href=\"mailto:oficina@deamicitia.org\">volunteers<\/a><\/a><a href=\"mailto:volunteers@deamicitia.org\"><a class=\"rank-math-link\" href=\"mailto:oficina@deamicitia.org\">@deamicitia.org<\/a><\/a><\/p>\n<\/div><\/div>\n\n\n\n<div class=\"wp-block-uagb-column uagb-column__wrap uagb-column__background-undefined uagb-block-2cadf9a9\"><div class=\"uagb-column__overlay\"><\/div><div class=\"uagb-column__inner-wrap\">\n<div class=\"wp-block-image\"><figure class=\"aligncenter size-large\"><img loading=\"lazy\" decoding=\"async\" width=\"560\" height=\"560\" src=\"http:\/\/deamicitia.org\/wp-content\/uploads\/2021\/02\/Isabel-Mclean-Formadora-miembro-activo.jpeg\" alt=\"\" class=\"wp-image-2818\" srcset=\"https:\/\/deamicitia.org\/wp-content\/uploads\/2021\/02\/Isabel-Mclean-Formadora-miembro-activo.jpeg 560w, https:\/\/deamicitia.org\/wp-content\/uploads\/2021\/02\/Isabel-Mclean-Formadora-miembro-activo-300x300.jpeg 300w, https:\/\/deamicitia.org\/wp-content\/uploads\/2021\/02\/Isabel-Mclean-Formadora-miembro-activo-150x150.jpeg 150w\" sizes=\"auto, (max-width: 560px) 100vw, 560px\" \/><figcaption><strong><span style=\"color:#409167\" class=\"has-inline-color\">Isabel Mclean<\/span><\/strong><\/figcaption><\/figure><\/div>\n\n\n\n<p class=\"has-text-align-center\">Trainer, active member<br><a href=\"mailto:projects@deamicitia.org\" class=\"rank-math-link\">\u2709\ufe0f projects@deamicitia.org<\/a><\/p>\n<\/div><\/div>\n<\/div><\/section>\n\n\n\n<section class=\"wp-block-uagb-columns uagb-columns__wrap uagb-columns__background-color uagb-columns__stack-mobile uagb-columns__valign-undefined uagb-columns__gap-10 alignundefined uagb-block-d23857ff equipocrop\"><div class=\"uagb-columns__overlay\"><\/div><div class=\"uagb-columns__inner-wrap uagb-columns__columns-5\">\n<div class=\"wp-block-uagb-column uagb-column__wrap uagb-column__background-undefined uagb-block-2554d784\"><div class=\"uagb-column__overlay\"><\/div><div class=\"uagb-column__inner-wrap\">\n<div class=\"wp-block-image\"><figure class=\"aligncenter size-large\"><img loading=\"lazy\" decoding=\"async\" width=\"1024\" height=\"1024\" src=\"http:\/\/deamicitia.org\/wp-content\/uploads\/2021\/02\/Diego-Formador-voluntario-activo-1024x1024.jpeg\" alt=\"\" class=\"wp-image-2810\" srcset=\"https:\/\/deamicitia.org\/wp-content\/uploads\/2021\/02\/Diego-Formador-voluntario-activo-1024x1024.jpeg 1024w, https:\/\/deamicitia.org\/wp-content\/uploads\/2021\/02\/Diego-Formador-voluntario-activo-300x300.jpeg 300w, https:\/\/deamicitia.org\/wp-content\/uploads\/2021\/02\/Diego-Formador-voluntario-activo-150x150.jpeg 150w, https:\/\/deamicitia.org\/wp-content\/uploads\/2021\/02\/Diego-Formador-voluntario-activo-768x768.jpeg 768w, https:\/\/deamicitia.org\/wp-content\/uploads\/2021\/02\/Diego-Formador-voluntario-activo-1536x1536.jpeg 1536w, https:\/\/deamicitia.org\/wp-content\/uploads\/2021\/02\/Diego-Formador-voluntario-activo.jpeg 1600w\" sizes=\"auto, (max-width: 1024px) 100vw, 1024px\" \/><figcaption><strong><span style=\"color:#409167\" class=\"has-inline-color\">Diego Miguel<\/span><\/strong><\/figcaption><\/figure><\/div>\n\n\n\n<p class=\"has-text-align-center\">Trainer, active member<\/p>\n<\/div><\/div>\n\n\n\n<div class=\"wp-block-uagb-column uagb-column__wrap uagb-column__background-undefined uagb-block-af819e1a\"><div class=\"uagb-column__overlay\"><\/div><div class=\"uagb-column__inner-wrap\">\n<div class=\"wp-block-image\"><figure class=\"aligncenter size-large\"><img loading=\"lazy\" decoding=\"async\" width=\"747\" height=\"1024\" src=\"http:\/\/deamicitia.org\/wp-content\/uploads\/2021\/02\/Aitziber-Miguel-Oyarbide-Delegacion-en-Alsasu-coodinacio\u0301n-de-medioambiente-747x1024.jpeg\" alt=\"\" class=\"wp-image-2800\" srcset=\"https:\/\/deamicitia.org\/wp-content\/uploads\/2021\/02\/Aitziber-Miguel-Oyarbide-Delegacion-en-Alsasu-coodinacio\u0301n-de-medioambiente-747x1024.jpeg 747w, https:\/\/deamicitia.org\/wp-content\/uploads\/2021\/02\/Aitziber-Miguel-Oyarbide-Delegacion-en-Alsasu-coodinacio\u0301n-de-medioambiente-219x300.jpeg 219w, https:\/\/deamicitia.org\/wp-content\/uploads\/2021\/02\/Aitziber-Miguel-Oyarbide-Delegacion-en-Alsasu-coodinacio\u0301n-de-medioambiente-768x1053.jpeg 768w, https:\/\/deamicitia.org\/wp-content\/uploads\/2021\/02\/Aitziber-Miguel-Oyarbide-Delegacion-en-Alsasu-coodinacio\u0301n-de-medioambiente-1121x1536.jpeg 1121w, https:\/\/deamicitia.org\/wp-content\/uploads\/2021\/02\/Aitziber-Miguel-Oyarbide-Delegacion-en-Alsasu-coodinacio\u0301n-de-medioambiente.jpeg 1494w\" sizes=\"auto, (max-width: 747px) 100vw, 747px\" \/><figcaption><strong><span style=\"color:#409167\" class=\"has-inline-color\">Aitziber Miguel Oyarbide<\/span><\/strong><\/figcaption><\/figure><\/div>\n\n\n\n<p class=\"has-text-align-center\">Active member<\/p>\n<\/div><\/div>\n\n\n\n<div class=\"wp-block-uagb-column uagb-column__wrap uagb-column__background-undefined uagb-block-8d910b77\"><div class=\"uagb-column__overlay\"><\/div><div class=\"uagb-column__inner-wrap\">\n<div class=\"wp-block-image\"><figure class=\"aligncenter size-large\"><img loading=\"lazy\" decoding=\"async\" width=\"824\" height=\"894\" src=\"http:\/\/deamicitia.org\/wp-content\/uploads\/2021\/02\/Asli-Akin-Desarrollo-de-proyectos.png\" alt=\"\" class=\"wp-image-2802\" srcset=\"https:\/\/deamicitia.org\/wp-content\/uploads\/2021\/02\/Asli-Akin-Desarrollo-de-proyectos.png 824w, https:\/\/deamicitia.org\/wp-content\/uploads\/2021\/02\/Asli-Akin-Desarrollo-de-proyectos-277x300.png 277w, https:\/\/deamicitia.org\/wp-content\/uploads\/2021\/02\/Asli-Akin-Desarrollo-de-proyectos-768x833.png 768w\" sizes=\"auto, (max-width: 824px) 100vw, 824px\" \/><figcaption><strong><span style=\"color:#409167\" class=\"has-inline-color\">Asli Akin<\/span><\/strong><\/figcaption><\/figure><\/div>\n\n\n\n<p class=\"has-text-align-center\">Active member<\/p>\n<\/div><\/div>\n\n\n\n<div class=\"wp-block-uagb-column uagb-column__wrap uagb-column__background-undefined uagb-block-4a371488\"><div class=\"uagb-column__overlay\"><\/div><div class=\"uagb-column__inner-wrap\">\n<div class=\"wp-block-image\"><figure class=\"aligncenter size-large\"><img loading=\"lazy\" decoding=\"async\" width=\"768\" height=\"1024\" src=\"http:\/\/deamicitia.org\/wp-content\/uploads\/2021\/02\/Jerezano-participante-permanente-de-Donkey-Caravan-768x1024.jpg\" alt=\"\" class=\"wp-image-2819\" srcset=\"https:\/\/deamicitia.org\/wp-content\/uploads\/2021\/02\/Jerezano-participante-permanente-de-Donkey-Caravan-768x1024.jpg 768w, https:\/\/deamicitia.org\/wp-content\/uploads\/2021\/02\/Jerezano-participante-permanente-de-Donkey-Caravan-225x300.jpg 225w, https:\/\/deamicitia.org\/wp-content\/uploads\/2021\/02\/Jerezano-participante-permanente-de-Donkey-Caravan-1152x1536.jpg 1152w, https:\/\/deamicitia.org\/wp-content\/uploads\/2021\/02\/Jerezano-participante-permanente-de-Donkey-Caravan.jpg 1200w\" sizes=\"auto, (max-width: 768px) 100vw, 768px\" \/><figcaption><strong><span style=\"color:#409167\" class=\"has-inline-color\">Jerezano<\/span><\/strong><\/figcaption><\/figure><\/div>\n\n\n\n<p class=\"has-text-align-center\">Permanent participant in Donkey Caravan<\/p>\n<\/div><\/div>\n\n\n\n<div class=\"wp-block-uagb-column uagb-column__wrap uagb-column__background-undefined uagb-block-462c9705\"><div class=\"uagb-column__overlay\"><\/div><div class=\"uagb-column__inner-wrap\">\n<div class=\"wp-block-image\"><figure class=\"aligncenter size-large\"><img loading=\"lazy\" decoding=\"async\" width=\"304\" height=\"304\" src=\"http:\/\/deamicitia.org\/wp-content\/uploads\/2021\/02\/Ringo-participante-permanente-de-Donkey-Caravan.jpg\" alt=\"\" class=\"wp-image-2820\" srcset=\"https:\/\/deamicitia.org\/wp-content\/uploads\/2021\/02\/Ringo-participante-permanente-de-Donkey-Caravan.jpg 304w, https:\/\/deamicitia.org\/wp-content\/uploads\/2021\/02\/Ringo-participante-permanente-de-Donkey-Caravan-300x300.jpg 300w, https:\/\/deamicitia.org\/wp-content\/uploads\/2021\/02\/Ringo-participante-permanente-de-Donkey-Caravan-150x150.jpg 150w\" sizes=\"auto, (max-width: 304px) 100vw, 304px\" \/><figcaption><strong><span style=\"color:#409167\" class=\"has-inline-color\">Ringo<\/span><\/strong><\/figcaption><\/figure><\/div>\n\n\n\n<p class=\"has-text-align-center\">Permanent participant in Donkey Caravan<\/p>\n<\/div><\/div>\n<\/div><\/section>\n\n\n\n<section class=\"wp-block-uagb-columns uagb-columns__wrap uagb-columns__background-color uagb-columns__stack-mobile uagb-columns__valign-undefined uagb-columns__gap-10 alignundefined uagb-block-6eca4d0a\"><div class=\"uagb-columns__overlay\"><\/div><div class=\"uagb-columns__inner-wrap uagb-columns__columns-1\">\n<div class=\"wp-block-uagb-column uagb-column__wrap uagb-column__background-undefined uagb-block-6cad7d03\"><div class=\"uagb-column__overlay\"><\/div><div class=\"uagb-column__inner-wrap\">\n<h2 class=\"has-text-align-center wp-block-heading\" id=\"collaborators\">COLLABORATORS<\/h2>\n\n\n\n<p><\/p>\n<\/div><\/div>\n<\/div><\/section>\n\n\n\n<script>\nwindow.onload = function(){\n  document.getElementById(\"escudos2\").style.display='none';\n};\nfunction myFunction() {\n  var x = document.getElementById(\"escudos2\");\n  if (x.style.display === \"none\") {\n    x.style.display = \"block\";\n   document.getElementById('chgtext').innerHTML='';\n  } else {\n    x.style.display = \"none\";\n   document.getElementById('chgtext').innerHTML='MOSTRAR M\u00c1S';\n  }\n}\n<\/script>\n\n\n\n<section class=\"wp-block-uagb-columns uagb-columns__wrap uagb-columns__background-color uagb-columns__stack-mobile uagb-columns__valign-undefined uagb-columns__gap-5 alignundefined uagb-block-169ab45a escudos\"><div class=\"uagb-columns__overlay\"><\/div><div class=\"uagb-columns__inner-wrap uagb-columns__columns-4\">\n<div class=\"wp-block-uagb-column uagb-column__wrap uagb-column__background-undefined uagb-block-5f667a7e\"><div class=\"uagb-column__overlay\"><\/div><div class=\"uagb-column__inner-wrap\">\n<div class=\"wp-block-image\"><figure class=\"aligncenter size-large is-resized\"><img loading=\"lazy\" decoding=\"async\" src=\"https:\/\/deamicitia.org\/wp-content\/uploads\/2021\/02\/Ayuntamiento-de-Calpe.png\" alt=\"\" class=\"wp-image-3452\" width=\"82\" height=\"118\" srcset=\"https:\/\/deamicitia.org\/wp-content\/uploads\/2021\/02\/Ayuntamiento-de-Calpe.png 500w, https:\/\/deamicitia.org\/wp-content\/uploads\/2021\/02\/Ayuntamiento-de-Calpe-210x300.png 210w\" sizes=\"auto, (max-width: 82px) 100vw, 82px\" \/><figcaption>Ayto. de Calpe<\/figcaption><\/figure><\/div>\n<\/div><\/div>\n\n\n\n<div class=\"wp-block-uagb-column uagb-column__wrap uagb-column__background-undefined uagb-block-483964c7\"><div class=\"uagb-column__overlay\"><\/div><div class=\"uagb-column__inner-wrap\">\n<div class=\"wp-block-image\"><figure class=\"aligncenter size-large is-resized\"><img loading=\"lazy\" decoding=\"async\" src=\"https:\/\/deamicitia.org\/wp-content\/uploads\/2021\/02\/Ayuntamiento-de-Altea.png\" alt=\"\" class=\"wp-image-3454\" width=\"79\" height=\"114\" srcset=\"https:\/\/deamicitia.org\/wp-content\/uploads\/2021\/02\/Ayuntamiento-de-Altea.png 435w, https:\/\/deamicitia.org\/wp-content\/uploads\/2021\/02\/Ayuntamiento-de-Altea-206x300.png 206w\" sizes=\"auto, (max-width: 79px) 100vw, 79px\" \/><figcaption>Ayto. de Altea<\/figcaption><\/figure><\/div>\n<\/div><\/div>\n\n\n\n<div class=\"wp-block-uagb-column uagb-column__wrap uagb-column__background-undefined uagb-block-b6c15cd0\"><div class=\"uagb-column__overlay\"><\/div><div class=\"uagb-column__inner-wrap\">\n<div class=\"wp-block-image\"><figure class=\"aligncenter size-large is-resized\"><img loading=\"lazy\" decoding=\"async\" src=\"https:\/\/deamicitia.org\/wp-content\/uploads\/2021\/02\/Ayuntamiento-de-Lozoyuela-Navas-Sieteiglesias.png\" alt=\"\" class=\"wp-image-3455\" width=\"64\" height=\"111\" srcset=\"https:\/\/deamicitia.org\/wp-content\/uploads\/2021\/02\/Ayuntamiento-de-Lozoyuela-Navas-Sieteiglesias.png 200w, https:\/\/deamicitia.org\/wp-content\/uploads\/2021\/02\/Ayuntamiento-de-Lozoyuela-Navas-Sieteiglesias-171x300.png 171w\" sizes=\"auto, (max-width: 64px) 100vw, 64px\" \/><figcaption>Ayto. de Lozoyuela-Navas-Sieteiglesias<\/figcaption><\/figure><\/div>\n<\/div><\/div>\n\n\n\n<div class=\"wp-block-uagb-column uagb-column__wrap uagb-column__background-undefined uagb-block-b2d72cba\"><div class=\"uagb-column__overlay\"><\/div><div class=\"uagb-column__inner-wrap\">\n<div class=\"wp-block-image\"><figure class=\"aligncenter size-large is-resized\"><img loading=\"lazy\" decoding=\"async\" src=\"https:\/\/deamicitia.org\/wp-content\/uploads\/2021\/02\/Ayuntamiento-de-La-Nucia.png\" alt=\"\" class=\"wp-image-3456\" width=\"85\" height=\"107\" srcset=\"https:\/\/deamicitia.org\/wp-content\/uploads\/2021\/02\/Ayuntamiento-de-La-Nucia.png 357w, https:\/\/deamicitia.org\/wp-content\/uploads\/2021\/02\/Ayuntamiento-de-La-Nucia-236x300.png 236w\" sizes=\"auto, (max-width: 85px) 100vw, 85px\" \/><figcaption>Ayto. de La Nuc\u00eda<\/figcaption><\/figure><\/div>\n<\/div><\/div>\n<\/div><\/section>\n\n\n\n<section class=\"wp-block-uagb-columns uagb-columns__wrap uagb-columns__background-color uagb-columns__stack-mobile uagb-columns__valign-undefined uagb-columns__gap-5 alignundefined uagb-block-de8af6c0 escudos\"><div class=\"uagb-columns__overlay\"><\/div><div class=\"uagb-columns__inner-wrap uagb-columns__columns-4\">\n<div class=\"wp-block-uagb-column uagb-column__wrap uagb-column__background-undefined uagb-block-03cc7d8b\"><div class=\"uagb-column__overlay\"><\/div><div class=\"uagb-column__inner-wrap\">\n<div class=\"wp-block-image\"><figure class=\"aligncenter size-large is-resized\"><img loading=\"lazy\" decoding=\"async\" src=\"https:\/\/deamicitia.org\/wp-content\/uploads\/2021\/03\/logo-footer-1024x202.png\" alt=\"\" class=\"wp-image-4302\" width=\"252\" height=\"53\"\/><figcaption>CJCM<\/figcaption><\/figure><\/div>\n\n\n\n<p><\/p>\n<\/div><\/div>\n\n\n\n<div class=\"wp-block-uagb-column uagb-column__wrap uagb-column__background-undefined uagb-block-783e52d4\"><div class=\"uagb-column__overlay\"><\/div><div class=\"uagb-column__inner-wrap\">\n<div class=\"wp-block-image\"><figure class=\"aligncenter size-large is-resized\"><img loading=\"lazy\" decoding=\"async\" src=\"https:\/\/deamicitia.org\/wp-content\/uploads\/2021\/03\/logo-imed.png\" alt=\"\" class=\"wp-image-4304\" width=\"154\" height=\"52\"\/><figcaption><br>IMED hospitales<\/figcaption><\/figure><\/div>\n<\/div><\/div>\n\n\n\n<div class=\"wp-block-uagb-column uagb-column__wrap uagb-column__background-undefined uagb-block-994d4528\"><div class=\"uagb-column__overlay\"><\/div><div class=\"uagb-column__inner-wrap\">\n<div class=\"wp-block-image\"><figure class=\"aligncenter size-large is-resized\"><img loading=\"lazy\" decoding=\"async\" src=\"https:\/\/deamicitia.org\/wp-content\/uploads\/2021\/03\/Akira.png\" alt=\"\" class=\"wp-image-4306\" width=\"98\" height=\"99\" srcset=\"https:\/\/deamicitia.org\/wp-content\/uploads\/2021\/03\/Akira.png 725w, https:\/\/deamicitia.org\/wp-content\/uploads\/2021\/03\/Akira-300x300.png 300w, https:\/\/deamicitia.org\/wp-content\/uploads\/2021\/03\/Akira-150x150.png 150w\" sizes=\"auto, (max-width: 98px) 100vw, 98px\" \/><figcaption>Refugio de aminales Akira<\/figcaption><\/figure><\/div>\n<\/div><\/div>\n\n\n\n<div class=\"wp-block-uagb-column uagb-column__wrap uagb-column__background-undefined uagb-block-ae4af0b0\"><div class=\"uagb-column__overlay\"><\/div><div class=\"uagb-column__inner-wrap\">\n<div class=\"wp-block-image\"><figure class=\"aligncenter size-large is-resized\"><img loading=\"lazy\" decoding=\"async\" src=\"https:\/\/deamicitia.org\/wp-content\/uploads\/2021\/03\/adopta-logo.jpg\" alt=\"\" class=\"wp-image-4310\" width=\"109\" height=\"110\" srcset=\"https:\/\/deamicitia.org\/wp-content\/uploads\/2021\/03\/adopta-logo.jpg 200w, https:\/\/deamicitia.org\/wp-content\/uploads\/2021\/03\/adopta-logo-150x150.jpg 150w\" sizes=\"auto, (max-width: 109px) 100vw, 109px\" \/><figcaption>Refugio de animales Adopta<\/figcaption><\/figure><\/div>\n\n\n\n<p><\/p>\n<\/div><\/div>\n<\/div><\/section>\n\n\n\n<section class=\"wp-block-uagb-columns uagb-columns__wrap uagb-columns__background-color uagb-columns__stack-mobile uagb-columns__valign-undefined uagb-columns__gap-5 alignundefined uagb-block-d2bd1a9a escudos\"><div class=\"uagb-columns__overlay\"><\/div><div class=\"uagb-columns__inner-wrap uagb-columns__columns-4\">\n<div class=\"wp-block-uagb-column uagb-column__wrap uagb-column__background-undefined uagb-block-c674713d\"><div class=\"uagb-column__overlay\"><\/div><div class=\"uagb-column__inner-wrap\">\n<div class=\"wp-block-image\"><figure class=\"aligncenter size-large is-resized\"><img loading=\"lazy\" decoding=\"async\" src=\"https:\/\/deamicitia.org\/wp-content\/uploads\/2021\/02\/Ayuntamiento-de-Alcala-del-Valle.jpeg\" alt=\"\" class=\"wp-image-3457\" width=\"73\" height=\"117\" srcset=\"https:\/\/deamicitia.org\/wp-content\/uploads\/2021\/02\/Ayuntamiento-de-Alcala-del-Valle.jpeg 265w, https:\/\/deamicitia.org\/wp-content\/uploads\/2021\/02\/Ayuntamiento-de-Alcala-del-Valle-187x300.jpeg 187w\" sizes=\"auto, (max-width: 73px) 100vw, 73px\" \/><figcaption>Ayto. de Alcal\u00e1 del Valle<\/figcaption><\/figure><\/div>\n<\/div><\/div>\n\n\n\n<div class=\"wp-block-uagb-column uagb-column__wrap uagb-column__background-undefined uagb-block-25dd823f\"><div class=\"uagb-column__overlay\"><\/div><div class=\"uagb-column__inner-wrap\">\n<div class=\"wp-block-image\"><figure class=\"aligncenter size-large is-resized\"><img loading=\"lazy\" decoding=\"async\" src=\"https:\/\/deamicitia.org\/wp-content\/uploads\/2021\/02\/Ayuntamiento-de-Biar.png\" alt=\"\" class=\"wp-image-3458\" width=\"87\" height=\"111\" srcset=\"https:\/\/deamicitia.org\/wp-content\/uploads\/2021\/02\/Ayuntamiento-de-Biar.png 500w, https:\/\/deamicitia.org\/wp-content\/uploads\/2021\/02\/Ayuntamiento-de-Biar-235x300.png 235w\" sizes=\"auto, (max-width: 87px) 100vw, 87px\" \/><figcaption>Ayto. de Biar<\/figcaption><\/figure><\/div>\n<\/div><\/div>\n\n\n\n<div class=\"wp-block-uagb-column uagb-column__wrap uagb-column__background-undefined uagb-block-8e59b5cb\"><div class=\"uagb-column__overlay\"><\/div><div class=\"uagb-column__inner-wrap\">\n<div class=\"wp-block-image\"><figure class=\"aligncenter size-large is-resized\"><img loading=\"lazy\" decoding=\"async\" src=\"https:\/\/deamicitia.org\/wp-content\/uploads\/2021\/02\/Ayuntamiento-de-Colunga.png\" alt=\"\" class=\"wp-image-3462\" width=\"67\" height=\"110\" srcset=\"https:\/\/deamicitia.org\/wp-content\/uploads\/2021\/02\/Ayuntamiento-de-Colunga.png 437w, https:\/\/deamicitia.org\/wp-content\/uploads\/2021\/02\/Ayuntamiento-de-Colunga-184x300.png 184w\" sizes=\"auto, (max-width: 67px) 100vw, 67px\" \/><figcaption>Ayto. de Colunga<\/figcaption><\/figure><\/div>\n<\/div><\/div>\n\n\n\n<div class=\"wp-block-uagb-column uagb-column__wrap uagb-column__background-undefined uagb-block-1fc4b485\"><div class=\"uagb-column__overlay\"><\/div><div class=\"uagb-column__inner-wrap\">\n<div class=\"wp-block-image\"><figure class=\"aligncenter size-large is-resized\"><img loading=\"lazy\" decoding=\"async\" src=\"https:\/\/deamicitia.org\/wp-content\/uploads\/2021\/02\/Ayuntamiento-de-Braojos.png\" alt=\"\" class=\"wp-image-3463\" width=\"61\" height=\"108\"\/><figcaption>Ayto. de Braojos<\/figcaption><\/figure><\/div>\n<\/div><\/div>\n<\/div><\/section>\n\n\n\n<section class=\"wp-block-uagb-columns uagb-columns__wrap uagb-columns__background-color uagb-columns__stack-mobile uagb-columns__valign-undefined uagb-columns__gap-5 alignundefined uagb-block-ad49ee65\"><div class=\"uagb-columns__overlay\"><\/div><div class=\"uagb-columns__inner-wrap uagb-columns__columns-4\">\n<div class=\"wp-block-uagb-column uagb-column__wrap uagb-column__background-undefined uagb-block-bfbf5c1a\"><div class=\"uagb-column__overlay\"><\/div><div class=\"uagb-column__inner-wrap\">\n<p class=\"escudos2button\" id=\"chgtext\" onclick=\"myFunction()\">MOSTRAR M\u00c1S<\/p>\n<\/div><\/div>\n\n\n\n<div class=\"wp-block-uagb-column uagb-column__wrap uagb-column__background-undefined uagb-block-e1f2da32\"><div class=\"uagb-column__overlay\"><\/div><div class=\"uagb-column__inner-wrap\"><\/div><\/div>\n\n\n\n<div class=\"wp-block-uagb-column uagb-column__wrap uagb-column__background-undefined uagb-block-4443c727\"><div class=\"uagb-column__overlay\"><\/div><div class=\"uagb-column__inner-wrap\"><\/div><\/div>\n\n\n\n<div class=\"wp-block-uagb-column uagb-column__wrap uagb-column__background-undefined uagb-block-09730845\"><div class=\"uagb-column__overlay\"><\/div><div class=\"uagb-column__inner-wrap\"><\/div><\/div>\n<\/div><\/section>\n\n\n\n<div id=\"escudos2\">\n\n\n\n<section class=\"wp-block-uagb-columns uagb-columns__wrap uagb-columns__background-color uagb-columns__stack-mobile uagb-columns__valign-undefined uagb-columns__gap-5 alignundefined uagb-block-d62a437a escudos2\"><div class=\"uagb-columns__overlay\"><\/div><div class=\"uagb-columns__inner-wrap uagb-columns__columns-4\">\n<div class=\"wp-block-uagb-column uagb-column__wrap uagb-column__background-undefined uagb-block-b1c45d08\"><div class=\"uagb-column__overlay\"><\/div><div class=\"uagb-column__inner-wrap\">\n<div class=\"wp-block-image\"><figure class=\"aligncenter size-large is-resized\"><img loading=\"lazy\" decoding=\"async\" src=\"https:\/\/deamicitia.org\/wp-content\/uploads\/2021\/02\/Ayuntamiento-de-Jodar-1.png\" alt=\"\" class=\"wp-image-3600\" width=\"61\" height=\"112\" srcset=\"https:\/\/deamicitia.org\/wp-content\/uploads\/2021\/02\/Ayuntamiento-de-Jodar-1.png 313w, https:\/\/deamicitia.org\/wp-content\/uploads\/2021\/02\/Ayuntamiento-de-Jodar-1-162x300.png 162w\" sizes=\"auto, (max-width: 61px) 100vw, 61px\" \/><figcaption>Ayto. de J\u00f3dar<\/figcaption><\/figure><\/div>\n<\/div><\/div>\n\n\n\n<div class=\"wp-block-uagb-column uagb-column__wrap uagb-column__background-undefined uagb-block-0d9a1d6b\"><div class=\"uagb-column__overlay\"><\/div><div class=\"uagb-column__inner-wrap\">\n<div class=\"wp-block-image\"><figure class=\"aligncenter size-large is-resized\"><img loading=\"lazy\" decoding=\"async\" src=\"https:\/\/deamicitia.org\/wp-content\/uploads\/2021\/02\/Ayuntamiento-de-El-Saucejo-1.png\" alt=\"\" class=\"wp-image-3602\" width=\"66\" height=\"109\" srcset=\"https:\/\/deamicitia.org\/wp-content\/uploads\/2021\/02\/Ayuntamiento-de-El-Saucejo-1.png 310w, https:\/\/deamicitia.org\/wp-content\/uploads\/2021\/02\/Ayuntamiento-de-El-Saucejo-1-182x300.png 182w\" sizes=\"auto, (max-width: 66px) 100vw, 66px\" \/><figcaption>Ayto. de El Saucejo<\/figcaption><\/figure><\/div>\n<\/div><\/div>\n\n\n\n<div class=\"wp-block-uagb-column uagb-column__wrap uagb-column__background-undefined uagb-block-d39c50cd\"><div class=\"uagb-column__overlay\"><\/div><div class=\"uagb-column__inner-wrap\">\n<div class=\"wp-block-image\"><figure class=\"aligncenter size-large is-resized\"><img loading=\"lazy\" decoding=\"async\" src=\"https:\/\/deamicitia.org\/wp-content\/uploads\/2021\/02\/Ayuntamiento-de-Villanueva-de-Algaidas-1.png\" alt=\"\" class=\"wp-image-3603\" width=\"62\" height=\"109\" srcset=\"https:\/\/deamicitia.org\/wp-content\/uploads\/2021\/02\/Ayuntamiento-de-Villanueva-de-Algaidas-1.png 280w, https:\/\/deamicitia.org\/wp-content\/uploads\/2021\/02\/Ayuntamiento-de-Villanueva-de-Algaidas-1-171x300.png 171w\" sizes=\"auto, (max-width: 62px) 100vw, 62px\" \/><figcaption>Ayto. de Villanueva de Algaidas<\/figcaption><\/figure><\/div>\n<\/div><\/div>\n\n\n\n<div class=\"wp-block-uagb-column uagb-column__wrap uagb-column__background-undefined uagb-block-1d39f226\"><div class=\"uagb-column__overlay\"><\/div><div class=\"uagb-column__inner-wrap\">\n<div class=\"wp-block-image\"><figure class=\"aligncenter size-large is-resized\"><img loading=\"lazy\" decoding=\"async\" src=\"https:\/\/deamicitia.org\/wp-content\/uploads\/2021\/02\/Ayuntamiento-de-Gargantilla-del-lozoya-1.png\" alt=\"\" class=\"wp-image-3604\" width=\"61\" height=\"107\"\/><figcaption>Ayto. de Gargantilla del lozoya<\/figcaption><\/figure><\/div>\n\n\n\n<p><\/p>\n<\/div><\/div>\n<\/div><\/section>\n\n\n\n<section class=\"wp-block-uagb-columns uagb-columns__wrap uagb-columns__background-color uagb-columns__stack-mobile uagb-columns__valign-undefined uagb-columns__gap-5 alignundefined uagb-block-d5c69903 escudos2\"><div class=\"uagb-columns__overlay\"><\/div><div class=\"uagb-columns__inner-wrap uagb-columns__columns-4\">\n<div class=\"wp-block-uagb-column uagb-column__wrap uagb-column__background-undefined uagb-block-9e21b686\"><div class=\"uagb-column__overlay\"><\/div><div class=\"uagb-column__inner-wrap\">\n<div class=\"wp-block-image\"><figure class=\"aligncenter size-large is-resized\"><img loading=\"lazy\" decoding=\"async\" src=\"https:\/\/deamicitia.org\/wp-content\/uploads\/2021\/02\/Ayuntamiento-de-Pegalajar-1.png\" alt=\"\" class=\"wp-image-3607\" width=\"62\" height=\"112\" srcset=\"https:\/\/deamicitia.org\/wp-content\/uploads\/2021\/02\/Ayuntamiento-de-Pegalajar-1.png 275w, https:\/\/deamicitia.org\/wp-content\/uploads\/2021\/02\/Ayuntamiento-de-Pegalajar-1-166x300.png 166w\" sizes=\"auto, (max-width: 62px) 100vw, 62px\" \/><figcaption>Ayto. de Pegalajar<\/figcaption><\/figure><\/div>\n<\/div><\/div>\n\n\n\n<div class=\"wp-block-uagb-column uagb-column__wrap uagb-column__background-undefined uagb-block-2f379663\"><div class=\"uagb-column__overlay\"><\/div><div class=\"uagb-column__inner-wrap\">\n<div class=\"wp-block-image\"><figure class=\"aligncenter size-large is-resized\"><img loading=\"lazy\" decoding=\"async\" src=\"https:\/\/deamicitia.org\/wp-content\/uploads\/2021\/02\/Ayuntamiento-de-LAlfas-del-Pi-1.jpg\" alt=\"\" class=\"wp-image-3638\" width=\"75\" height=\"108\" srcset=\"https:\/\/deamicitia.org\/wp-content\/uploads\/2021\/02\/Ayuntamiento-de-LAlfas-del-Pi-1.jpg 543w, https:\/\/deamicitia.org\/wp-content\/uploads\/2021\/02\/Ayuntamiento-de-LAlfas-del-Pi-1-208x300.jpg 208w\" sizes=\"auto, (max-width: 75px) 100vw, 75px\" \/><figcaption>Ayto. de L&#8217;Alfas del Pi<\/figcaption><\/figure><\/div>\n<\/div><\/div>\n\n\n\n<div class=\"wp-block-uagb-column uagb-column__wrap uagb-column__background-undefined uagb-block-a6c4cad7\"><div class=\"uagb-column__overlay\"><\/div><div class=\"uagb-column__inner-wrap\">\n<div class=\"wp-block-image\"><figure class=\"aligncenter size-large is-resized\"><img loading=\"lazy\" decoding=\"async\" src=\"https:\/\/deamicitia.org\/wp-content\/uploads\/2021\/02\/Ayuntamiento-de-Talamanca-de-Jarama-1.png\" alt=\"\" class=\"wp-image-3639\" width=\"61\" height=\"106\"\/><figcaption>Ayto. de Talamanca de Jarama<\/figcaption><\/figure><\/div>\n<\/div><\/div>\n\n\n\n<div class=\"wp-block-uagb-column uagb-column__wrap uagb-column__background-undefined uagb-block-5657773b\"><div class=\"uagb-column__overlay\"><\/div><div class=\"uagb-column__inner-wrap\">\n<div class=\"wp-block-image\"><figure class=\"aligncenter size-large is-resized\"><img loading=\"lazy\" decoding=\"async\" src=\"https:\/\/deamicitia.org\/wp-content\/uploads\/2021\/02\/Ayuntamiento-de-Nava-1.png\" alt=\"\" class=\"wp-image-3640\" width=\"57\" height=\"100\" srcset=\"https:\/\/deamicitia.org\/wp-content\/uploads\/2021\/02\/Ayuntamiento-de-Nava-1.png 379w, https:\/\/deamicitia.org\/wp-content\/uploads\/2021\/02\/Ayuntamiento-de-Nava-1-172x300.png 172w\" sizes=\"auto, (max-width: 57px) 100vw, 57px\" \/><figcaption>Ayto. de Nava<\/figcaption><\/figure><\/div>\n\n\n\n<p><\/p>\n<\/div><\/div>\n<\/div><\/section>\n\n\n\n<section class=\"wp-block-uagb-columns uagb-columns__wrap uagb-columns__background-color uagb-columns__stack-mobile uagb-columns__valign-undefined uagb-columns__gap-5 alignundefined uagb-block-5811e4fc escudos2\"><div class=\"uagb-columns__overlay\"><\/div><div class=\"uagb-columns__inner-wrap uagb-columns__columns-4\">\n<div class=\"wp-block-uagb-column uagb-column__wrap uagb-column__background-undefined uagb-block-e2349361\"><div class=\"uagb-column__overlay\"><\/div><div class=\"uagb-column__inner-wrap\">\n<div class=\"wp-block-image\"><figure class=\"aligncenter size-large is-resized\"><img loading=\"lazy\" decoding=\"async\" src=\"https:\/\/deamicitia.org\/wp-content\/uploads\/2021\/02\/Ayuntamiento-de-Bunuel-1.png\" alt=\"\" class=\"wp-image-3641\" width=\"83\" height=\"105\"\/><figcaption>Ayto. de Bu\u00f1uel<\/figcaption><\/figure><\/div>\n<\/div><\/div>\n\n\n\n<div class=\"wp-block-uagb-column uagb-column__wrap uagb-column__background-undefined uagb-block-7a54a2fa\"><div class=\"uagb-column__overlay\"><\/div><div class=\"uagb-column__inner-wrap\">\n<div class=\"wp-block-image\"><figure class=\"aligncenter size-large is-resized\"><img loading=\"lazy\" decoding=\"async\" src=\"https:\/\/deamicitia.org\/wp-content\/uploads\/2021\/02\/Ayuntamiento-de-Illora-1.png\" alt=\"\" class=\"wp-image-3642\" width=\"59\" height=\"106\"\/><figcaption>Ayto. de Illora<\/figcaption><\/figure><\/div>\n<\/div><\/div>\n\n\n\n<div class=\"wp-block-uagb-column uagb-column__wrap uagb-column__background-undefined uagb-block-e6517262\"><div class=\"uagb-column__overlay\"><\/div><div class=\"uagb-column__inner-wrap\">\n<div class=\"wp-block-image\"><figure class=\"aligncenter size-large is-resized\"><img loading=\"lazy\" decoding=\"async\" src=\"https:\/\/deamicitia.org\/wp-content\/uploads\/2021\/02\/Ayuntamiento-de-Pobla-Llarga-1.png\" alt=\"\" class=\"wp-image-3643\" width=\"63\" height=\"105\" srcset=\"https:\/\/deamicitia.org\/wp-content\/uploads\/2021\/02\/Ayuntamiento-de-Pobla-Llarga-1.png 261w, https:\/\/deamicitia.org\/wp-content\/uploads\/2021\/02\/Ayuntamiento-de-Pobla-Llarga-1-180x300.png 180w\" sizes=\"auto, (max-width: 63px) 100vw, 63px\" \/><figcaption>Ayto. de Pobla Llarga<\/figcaption><\/figure><\/div>\n<\/div><\/div>\n\n\n\n<div class=\"wp-block-uagb-column uagb-column__wrap uagb-column__background-undefined uagb-block-7590874d\"><div class=\"uagb-column__overlay\"><\/div><div class=\"uagb-column__inner-wrap\">\n<div class=\"wp-block-image\"><figure class=\"aligncenter size-large is-resized\"><img loading=\"lazy\" decoding=\"async\" src=\"https:\/\/deamicitia.org\/wp-content\/uploads\/2021\/02\/Ayuntamiento-de-Cuevas-del-Becerro-1.png\" alt=\"\" class=\"wp-image-3644\" width=\"138\" height=\"103\" srcset=\"https:\/\/deamicitia.org\/wp-content\/uploads\/2021\/02\/Ayuntamiento-de-Cuevas-del-Becerro-1.png 600w, https:\/\/deamicitia.org\/wp-content\/uploads\/2021\/02\/Ayuntamiento-de-Cuevas-del-Becerro-1-300x225.png 300w\" sizes=\"auto, (max-width: 138px) 100vw, 138px\" \/><figcaption>Ayto. de Cuevas del Becerro<\/figcaption><\/figure><\/div>\n\n\n\n<p><\/p>\n<\/div><\/div>\n<\/div><\/section>\n\n\n\n<section class=\"wp-block-uagb-columns uagb-columns__wrap uagb-columns__background-color uagb-columns__stack-mobile uagb-columns__valign-undefined uagb-columns__gap-5 alignundefined uagb-block-2b8294fd escudos2\"><div class=\"uagb-columns__overlay\"><\/div><div class=\"uagb-columns__inner-wrap uagb-columns__columns-4\">\n<div class=\"wp-block-uagb-column uagb-column__wrap uagb-column__background-undefined uagb-block-1c40e644\"><div class=\"uagb-column__overlay\"><\/div><div class=\"uagb-column__inner-wrap\">\n<div class=\"wp-block-image\"><figure class=\"aligncenter size-large is-resized\"><img loading=\"lazy\" decoding=\"async\" src=\"https:\/\/deamicitia.org\/wp-content\/uploads\/2021\/03\/calpe-benissa-lions-club-gl-2.jpg\" alt=\"\" class=\"wp-image-4314\" width=\"148\" height=\"98\" srcset=\"https:\/\/deamicitia.org\/wp-content\/uploads\/2021\/03\/calpe-benissa-lions-club-gl-2.jpg 626w, https:\/\/deamicitia.org\/wp-content\/uploads\/2021\/03\/calpe-benissa-lions-club-gl-2-300x200.jpg 300w\" sizes=\"auto, (max-width: 148px) 100vw, 148px\" \/><figcaption>Tienda de caridad Lions Calpe<\/figcaption><\/figure><\/div>\n<\/div><\/div>\n\n\n\n<div class=\"wp-block-uagb-column uagb-column__wrap uagb-column__background-undefined uagb-block-5cdd72ab\"><div class=\"uagb-column__overlay\"><\/div><div class=\"uagb-column__inner-wrap\"><\/div><\/div>\n\n\n\n<div class=\"wp-block-uagb-column uagb-column__wrap uagb-column__background-undefined uagb-block-24774189\"><div class=\"uagb-column__overlay\"><\/div><div class=\"uagb-column__inner-wrap\"><\/div><\/div>\n\n\n\n<div class=\"wp-block-uagb-column uagb-column__wrap uagb-column__background-undefined uagb-block-07a45b99\"><div class=\"uagb-column__overlay\"><\/div><div class=\"uagb-column__inner-wrap\">\n<p><\/p>\n<\/div><\/div>\n<\/div><\/section>\n\n\n\n<\/div>\n\n\n\n<section class=\"wp-block-uagb-columns uagb-columns__wrap uagb-columns__background-color uagb-columns__stack-mobile uagb-columns__valign-undefined uagb-columns__gap-10 alignundefined uagb-block-fd9ad73d\"><div class=\"uagb-columns__overlay\"><\/div><div class=\"uagb-columns__inner-wrap uagb-columns__columns-1\">\n<div class=\"wp-block-uagb-column uagb-column__wrap uagb-column__background-undefined uagb-block-e8631a06\"><div class=\"uagb-column__overlay\"><\/div><div class=\"uagb-column__inner-wrap\">\n<h2 class=\"has-text-align-center wp-block-heading\" id=\"organizaciones-socias\">Organizaciones socias<\/h2>\n<\/div><\/div>\n<\/div><\/section>\n\n\n\n<section class=\"wp-block-uagb-columns uagb-columns__wrap uagb-columns__background-color uagb-columns__stack-mobile uagb-columns__valign-undefined uagb-columns__gap-10 alignundefined uagb-block-c8b6179c\"><div class=\"uagb-columns__overlay\"><\/div><div class=\"uagb-columns__inner-wrap uagb-columns__columns-1\">\n<div class=\"wp-block-uagb-column uagb-column__wrap uagb-column__background-undefined uagb-block-1ff0058e\"><div class=\"uagb-column__overlay\"><\/div><div class=\"uagb-column__inner-wrap\">\n<div class=\"su-table sociastable su-table-alternate\">\n<table>\n\n<tbody><tr>\n  <td><b>Pa\u00eds<\/b><\/td>\n  <td><b>Nombre<\/b><\/td>\n <td><b>P\u00e1gina web<\/b><\/td>\n<\/tr>\n<tr>\n  <td>Armenia<\/td>\n  <td>HUJ<\/td>\n  <td>www.huj.am<\/td>\n<\/tr>\n<tr>\n  <td>Austria<\/td>\n  <td>Grenzenlos<\/td>\n  <td>http:\/\/www.grenzenlos.or.at\/<\/td>\n<\/tr>\n<tr>\n  <td>Belarus<\/td>\n  <td>LYVS<\/td>\n  <td>http:\/\/www.lyvs.bn.by\/<\/td>\n<\/tr>\n<tr>\n  <td>Belgium<\/td>\n  <td>CBB<\/td>\n  <td>www.compagnonsbatisseurs.be<\/td>\n<\/tr>\n<tr>\n  <td>Belgium<\/td>\n  <td>JAVVA<\/td>\n  <td>http:\/\/www.javva.org\/<\/td>\n<\/tr>\n<tr>\n  <td>Czech Republic<\/td>\n  <td>INEX SDA<\/td>\n  <td>www.inexsda.cz<\/td>\n<\/tr>\n<tr>\n  <td>Denmark<\/td>\n  <td>MS<\/td>\n  <td>www.globalcontact.dk<\/td>\n<\/tr>\n<tr>\n  <td>Estonia<\/td>\n  <td>ESTYES<\/td>\n  <td>www.estyes.ee<\/td>\n<\/tr>\n<tr>\n  <td>Finland<\/td>\n  <td>Allianssi<\/td>\n  <td>http:\/\/www.nuorisovaihto.fi\/<\/td>\n<\/tr>\n<tr>\n  <td>France<\/td>\n  <td>CBF<\/td>\n  <td>http:\/\/www.compagnonsbatisseurs.org\/<\/td>\n<\/tr>\n<tr>\n  <td>France<\/td>\n  <td>Concordia<\/td>\n  <td>http:\/\/www.concordia.fr\/<\/td>\n<\/tr>\n<tr>\n  <td>France<\/td>\n  <td>Jeunesse et Reconstruction<\/td>\n  <td>http:\/\/www.volontariat.org\/<\/td>\n<\/tr>\n<tr>\n  <td>France<\/td>\n  <td>Association Nationale Etudes et Chantiers (former Unarec)<\/td>\n  <td>http:\/\/www.etudesetchantiers.org\/<\/td>\n<\/tr>\n<tr>\n  <td>France<\/td>\n  <td>Solidarites Jeunesses<\/td>\n  <td>http:\/\/www.solidaritesjeunesses.org\/<\/td>\n<\/tr>\n<tr>\n  <td>Germany<\/td>\n  <td>IBG<\/td>\n  <td>http:\/\/www.ibg-workcamps.org\/<\/td>\n<\/tr>\n<tr>\n  <td>Germany<\/td>\n  <td>IJGD<\/td>\n  <td>http:\/\/www.ijgd.de\/<\/td>\n<\/tr>\n<tr>\n  <td>Germany<\/td>\n  <td>NIG<\/td>\n  <td>http:\/\/www.campline.de\/<\/td>\n<\/tr>\n<tr>\n  <td>Germany<\/td>\n  <td>Pro-International<\/td>\n  <td>http:\/\/www.pro-international.org\/<\/td>\n<\/tr>\n<tr>\n  <td>Germany<\/td>\n  <td>VJF<\/td>\n  <td>http:\/\/www.vjf.de\/<\/td>\n<\/tr>\n<tr>\n  <td>Greece<\/td>\n  <td>Citizens in Action<\/td>\n  <td>http:\/\/www.citizensinaction.gr\/<\/td>\n<\/tr>\n<tr>\n  <td>Greece<\/td>\n  <td>ELIX<\/td>\n  <td>http:\/\/www.elix.org.gr\/<\/td>\n<\/tr>\n<tr>\n  <td>Hungary<\/td>\n  <td>EGYESEK<\/td>\n  <td>https:\/\/www.egyesek.hu\/<\/td>\n<\/tr>\n<tr>\n  <td>Italy<\/td>\n  <td>Legambiente<\/td>\n  <td>http:\/\/www.legambiente.it\/<\/td>\n<\/tr><tr>\n  <td>Italy<\/td>\n  <td>Lunaria<\/td>\n  <td>http:\/\/www.lunaria.org\/<\/td>\n<\/tr><tr>\n  <td>Italy<\/td>\n  <td>YAP Italy<\/td>\n  <td>http:\/\/www.yap.it\/<\/td>\n<\/tr><tr>\n  <td>Latvia<\/td>\n  <td>Youth 4 Smile<\/td>\n  <td>http:\/\/www.jaunatnesmaidam.lv\/en\/\/<\/td>\n<\/tr><tr>\n  <td>Lithuania<\/td>\n  <td>Deineta<\/td>\n  <td>http:\/\/www.deineta.lt\/<\/td>\n<\/tr><tr>\n  <td>The Netherlands<\/td>\n  <td>SIW<\/td>\n  <td>http:\/\/www.siw.nl\/<\/td>\n<\/tr><tr>\n  <td>Poland<\/td>\n  <td>FIYE<\/td>\n  <td>http:\/\/www.fiye.pl\/<\/td>\n<\/tr><tr>\n  <td>Russian Federation<\/td>\n  <td>SFERA<\/td>\n  <td>http:\/\/www.dobrovolets.ru\/<\/td>\n<\/tr><tr>\n  <td>Russian Federation<\/td>\n  <td>World4U<\/td>\n  <td>http:\/\/www.world4u.ru\/<\/td>\n<\/tr><tr>\n  <td>Serbia<\/td>\n  <td>YRS-VSS<\/td>\n  <td>http:\/\/www.mis.org.rs\/<\/td>\n<\/tr><tr>\n  <td>Slovakia<\/td>\n  <td>INEX<\/td>\n  <td>http:\/\/www.inex.sk\/<\/td>\n<\/tr><tr>\n  <td>Spain\/Catalunya<\/td>\n  <td>COCAT<\/td>\n  <td>http:\/\/www.cocat.org\/<\/td>\n<\/tr><tr>\n  <td>Spain<\/td>\n  <td>SVI<\/td>\n  <td>http:\/\/www.injuve.es\/<\/td>\n<\/tr><tr>\n  <td>Switzerland<\/td>\n  <td>Workcamp Switzerland<\/td>\n  <td>http:\/\/www.workcamp.ch\/<\/td>\n<\/tr><tr>\n  <td>Turkey<\/td>\n  <td>G\u00f6n\u00fcll\u00fc Hizmetler Derne\u011fi\u2019s<\/td>\n  <td>http:\/\/gonulluhizmetlerdernegi.org\/<\/td>\n<\/tr><tr>\n  <td>Turkey<\/td>\n  <td>GSM<\/td>\n  <td>http:\/\/www.gsm.org.tr\/<\/td>\n<\/tr>\n<tr>\n  <td>United Kingdom<\/td>\n  <td>Concordia UK<\/td>\n  <td>http:\/\/www.concordiavolunteers.org.uk\/<\/td>\n<\/tr><tr>\n  <td>United Kingdom\/Wales<\/td>\n  <td>WCIA<\/td>\n  <td>https:\/\/www.wcia.org.uk\/<\/td>\n<\/tr><tr>\n  <td>United Kingdom\/Scotland<\/td>\n  <td>Xchange Scotland<\/td>\n  <td>http:\/\/www.xchangescotland.org\/<\/td>\n<\/tr><tr>\n  <td>Ukraine<\/td>\n  <td>Alternative-V<\/td>\n  <td>http:\/\/www.alternative-v.com.ua\/<\/td>\n<\/tr><tr>\n  <td>Ukraine<\/td>\n  <td>Union Forum<\/td>\n  <td>http:\/\/www.union-forum.org\/<\/td>\n<\/tr>\n\n<\/tbody><\/table><\/div>\n<\/div><\/div>\n<\/div><\/section>\n","protected":false},"excerpt":{"rendered":"<p>Our Team President of De Amicitia\u2709\ufe0f info@deamicitia.org General coordination, workcamps\u2709\ufe0f workcamps@deamicitia.org ESC coordination, social media\u2709\ufe0f oficina@deamicitia.org Responsible for the incoming [&hellip;]<\/p>\n","protected":false},"author":1,"featured_media":0,"parent":0,"menu_order":0,"comment_status":"closed","ping_status":"closed","template":"","meta":{"_uag_custom_page_level_css":"","site-sidebar-layout":"default","site-content-layout":"page-builder","ast-site-content-layout":"default","site-content-style":"default","site-sidebar-style":"default","ast-global-header-display":"","ast-banner-title-visibility":"","ast-main-header-display":"","ast-hfb-above-header-display":"","ast-hfb-below-header-display":"","ast-hfb-mobile-header-display":"","site-post-title":"disabled","ast-breadcrumbs-content":"","ast-featured-img":"disabled","footer-sml-layout":"","ast-disable-related-posts":"","theme-transparent-header-meta":"disabled","adv-header-id-meta":"","stick-header-meta":"","header-above-stick-meta":"","header-main-stick-meta":"","header-below-stick-meta":"","astra-migrate-meta-layouts":"default","ast-page-background-enabled":"default","ast-page-background-meta":{"desktop":{"background-color":"var(--ast-global-color-4)","background-image":"","background-repeat":"repeat","background-position":"center center","background-size":"auto","background-attachment":"scroll","background-type":"","background-media":"","overlay-type":"","overlay-color":"","overlay-opacity":"","overlay-gradient":""},"tablet":{"background-color":"","background-image":"","background-repeat":"repeat","background-position":"center center","background-size":"auto","background-attachment":"scroll","background-type":"","background-media":"","overlay-type":"","overlay-color":"","overlay-opacity":"","overlay-gradient":""},"mobile":{"background-color":"","background-image":"","background-repeat":"repeat","background-position":"center center","background-size":"auto","background-attachment":"scroll","background-type":"","background-media":"","overlay-type":"","overlay-color":"","overlay-opacity":"","overlay-gradient":""}},"ast-content-background-meta":{"desktop":{"background-color":"var(--ast-global-color-5)","background-image":"","background-repeat":"repeat","background-position":"center center","background-size":"auto","background-attachment":"scroll","background-type":"","background-media":"","overlay-type":"","overlay-color":"","overlay-opacity":"","overlay-gradient":""},"tablet":{"background-color":"var(--ast-global-color-5)","background-image":"","background-repeat":"repeat","background-position":"center center","background-size":"auto","background-attachment":"scroll","background-type":"","background-media":"","overlay-type":"","overlay-color":"","overlay-opacity":"","overlay-gradient":""},"mobile":{"background-color":"var(--ast-global-color-5)","background-image":"","background-repeat":"repeat","background-position":"center center","background-size":"auto","background-attachment":"scroll","background-type":"","background-media":"","overlay-type":"","overlay-color":"","overlay-opacity":"","overlay-gradient":""}},"footnotes":""},"class_list":["post-5794","page","type-page","status-publish","hentry"],"acf":[],"uagb_featured_image_src":{"full":false,"thumbnail":false,"medium":false,"medium_large":false,"large":false,"rpg_gallery_admin_thumb":false,"rpg_gallery_thumb":false,"1536x1536":false,"2048x2048":false},"uagb_author_info":{"display_name":"Djm87Npe2s","author_link":"https:\/\/deamicitia.org\/en\/author\/djm87npe2s\/"},"uagb_comment_info":0,"uagb_excerpt":"Our Team President of De Amicitia\u2709\ufe0f info@deamicitia.org General coordination, workcamps\u2709\ufe0f workcamps@deamicitia.org ESC coordination, social media\u2709\ufe0f oficina@deamicitia.org Responsible for the incoming [&hellip;]","_links":{"self":[{"href":"https:\/\/deamicitia.org\/en\/wp-json\/wp\/v2\/pages\/5794","targetHints":{"allow":["GET"]}}],"collection":[{"href":"https:\/\/deamicitia.org\/en\/wp-json\/wp\/v2\/pages"}],"about":[{"href":"https:\/\/deamicitia.org\/en\/wp-json\/wp\/v2\/types\/page"}],"author":[{"embeddable":true,"href":"https:\/\/deamicitia.org\/en\/wp-json\/wp\/v2\/users\/1"}],"replies":[{"embeddable":true,"href":"https:\/\/deamicitia.org\/en\/wp-json\/wp\/v2\/comments?post=5794"}],"version-history":[{"count":11,"href":"https:\/\/deamicitia.org\/en\/wp-json\/wp\/v2\/pages\/5794\/revisions"}],"predecessor-version":[{"id":9771,"href":"https:\/\/deamicitia.org\/en\/wp-json\/wp\/v2\/pages\/5794\/revisions\/9771"}],"wp:attachment":[{"href":"https:\/\/deamicitia.org\/en\/wp-json\/wp\/v2\/media?parent=5794"}],"curies":[{"name":"wp","href":"https:\/\/api.w.org\/{rel}","templated":true}]}}